{"id":236,"date":"2025-02-20T13:11:47","date_gmt":"2025-02-20T12:11:47","guid":{"rendered":"https:\/\/labeaubourgeoise.fr\/?page_id=236"},"modified":"2025-02-20T13:15:40","modified_gmt":"2025-02-20T12:15:40","slug":"quest-ce-que-la-beaubourgeoise","status":"publish","type":"page","link":"https:\/\/labeaubourgeoise.fr\/?page_id=236","title":{"rendered":"Qu&rsquo;est ce que la Beaubourgeoise ?"},"content":{"rendered":"\t\t<div data-elementor-type=\"wp-page\" data-elementor-id=\"236\" class=\"elementor elementor-236\">\n\t\t\t\t<div class=\"elementor-element elementor-element-7ca5532 e-flex e-con-boxed e-con e-parent\" data-id=\"7ca5532\" data-element_type=\"container\" data-settings=\"{&quot;content_width&quot;:&quot;boxed&quot;}\" data-core-v316-plus=\"true\">\n\t\t\t\t\t<div class=\"e-con-inner\">\n\t\t\t\t<div class=\"elementor-element elementor-element-818d0d7 elementor-widget elementor-widget-text-editor\" data-id=\"818d0d7\" data-element_type=\"widget\" data-widget_type=\"text-editor.default\">\n\t\t\t\t<div class=\"elementor-widget-container\">\n\t\t\t<style>\/*! elementor - v3.19.0 - 07-02-2024 *\/\n.elementor-widget-text-editor.elementor-drop-cap-view-stacked .elementor-drop-cap{background-color:#69727d;color:#fff}.elementor-widget-text-editor.elementor-drop-cap-view-framed .elementor-drop-cap{color:#69727d;border:3px solid;background-color:transparent}.elementor-widget-text-editor:not(.elementor-drop-cap-view-default) .elementor-drop-cap{margin-top:8px}.elementor-widget-text-editor:not(.elementor-drop-cap-view-default) .elementor-drop-cap-letter{width:1em;height:1em}.elementor-widget-text-editor .elementor-drop-cap{float:left;text-align:center;line-height:1;font-size:50px}.elementor-widget-text-editor .elementor-drop-cap-letter{display:inline-block}<\/style>\t\t\t\t<p>Bienvenue sur le site de la Beaubourgeoise !<\/p>\n<p><!-- \/wp:paragraph --><!-- wp:paragraph --><\/p>\n<p>La Beaubourgeoise est l&rsquo;association qui regroupe les commer\u00e7ants, artisans et professions lib\u00e9rales de Blotzheim.<\/p>\n<p><!-- \/wp:paragraph --><!-- wp:paragraph --><\/p>\n<p>Fond\u00e9e il y a plus de 22 ans, elle a pour mission de dynamiser le commerce local et de promouvoir les activit\u00e9s de ses membres. L&rsquo;association organise divers \u00e9v\u00e8nements et initiatives visant \u00e0 encourager le commerce de proximit\u00e9 et \u00e0 soutenir les entreprises locales.<\/p>\n<p><!-- \/wp:paragraph --><!-- wp:paragraph --><\/p>\n<p>Elle joue un r\u00f4le cl\u00e9 dans la vie \u00e9conomique et sociale de Blotzheim, favorisant les \u00e9changes et la collaboration entre commer\u00e7ants, artisans, professions lib\u00e9rales et leurs clients.<\/p>\n<p><!-- \/wp:paragraph --><!-- wp:paragraph --><\/p>\n<p>Envie d&rsquo;en savoir plus ou de nous rejoindre ? (voir le formulaire d&rsquo;adh\u00e9sion)<\/p>\n<p>Facebook.\u00a0<a href=\"https:\/\/www.facebook.com\/labeaubourgeoise\/about\/\" target=\"_blank\" rel=\"noopener\" data-saferedirecturl=\"https:\/\/www.google.com\/url?q=https:\/\/www.facebook.com\/labeaubourgeoise\/about\/&amp;source=gmail&amp;ust=1740139705551000&amp;usg=AOvVaw2T2AGwJgCW54wgA00lXYvg\">https:\/\/www.<wbr \/>facebook.com\/labeaubourgeoise<\/a>\u00a0<\/p>\n<p>Un mail : labeaubourgeoise@gmail.com Un t\u00e9l\u00e9phone : 07 68 507 433<\/p>\n<p><!-- \/wp:paragraph --><!-- wp:paragraph --><\/p>\n<p><!-- \/wp:paragraph --><!-- wp:paragraph --><\/p>\n<p>Christophe RITTER, pr\u00e9sident de la Beaubourgeoise<\/p>\t\t\t\t\t\t<\/div>\n\t\t\t\t<\/div>\n\t\t\t\t\t<\/div>\n\t\t\t\t<\/div>\n\t\t<div class=\"elementor-element elementor-element-a531ea2 e-flex e-con-boxed e-con e-parent\" data-id=\"a531ea2\" data-element_type=\"container\" data-settings=\"{&quot;content_width&quot;:&quot;boxed&quot;}\" data-core-v316-plus=\"true\">\n\t\t\t\t\t<div class=\"e-con-inner\">\n\t\t\t\t<div class=\"elementor-element elementor-element-bf69b59 elementor-widget elementor-widget-image\" data-id=\"bf69b59\" data-element_type=\"widget\" data-widget_type=\"image.default\">\n\t\t\t\t<div class=\"elementor-widget-container\">\n\t\t\t<style>\/*! elementor - v3.19.0 - 07-02-2024 *\/\n.elementor-widget-image{text-align:center}.elementor-widget-image a{display:inline-block}.elementor-widget-image a img[src$=\".svg\"]{width:48px}.elementor-widget-image img{vertical-align:middle;display:inline-block}<\/style>\t\t\t\t\t\t\t\t\t\t<img fetchpriority=\"high\" decoding=\"async\" width=\"300\" height=\"300\" src=\"https:\/\/labeaubourgeoise.fr\/wp-content\/uploads\/2024\/11\/2025-300x300.png\" class=\"attachment-medium size-medium wp-image-131\" alt=\"\" srcset=\"https:\/\/labeaubourgeoise.fr\/wp-content\/uploads\/2024\/11\/2025-300x300.png 300w, https:\/\/labeaubourgeoise.fr\/wp-content\/uploads\/2024\/11\/2025-1024x1024.png 1024w, https:\/\/labeaubourgeoise.fr\/wp-content\/uploads\/2024\/11\/2025-150x150.png 150w, https:\/\/labeaubourgeoise.fr\/wp-content\/uploads\/2024\/11\/2025-768x768.png 768w, https:\/\/labeaubourgeoise.fr\/wp-content\/uploads\/2024\/11\/2025.png 1181w\" sizes=\"(max-width: 300px) 100vw, 300px\" \/>\t\t\t\t\t\t\t\t\t\t\t\t\t<\/div>\n\t\t\t\t<\/div>\n\t\t\t\t\t<\/div>\n\t\t\t\t<\/div>\n\t\t\t\t<\/div>\n\t\t","protected":false},"excerpt":{"rendered":"<p>Bienvenue sur le site de la Beaubourgeoise ! La Beaubourgeoise est l&rsquo;association qui regroupe les commer\u00e7ants, artisans et professions lib\u00e9rales de Blotzheim. Fond\u00e9e il y a plus de 22 ans, elle a pour mission de dynamiser le commerce local et de promouvoir les activit\u00e9s de ses membres. L&rsquo;association organise divers \u00e9v\u00e8nements et initiatives visant \u00e0 [&hellip;]<\/p>\n","protected":false},"author":1,"featured_media":0,"parent":0,"menu_order":0,"comment_status":"closed","ping_status":"closed","template":"","meta":{"footnotes":""},"class_list":["post-236","page","type-page","status-publish","hentry"],"_links":{"self":[{"href":"https:\/\/labeaubourgeoise.fr\/index.php?rest_route=\/wp\/v2\/pages\/236","targetHints":{"allow":["GET"]}}],"collection":[{"href":"https:\/\/labeaubourgeoise.fr\/index.php?rest_route=\/wp\/v2\/pages"}],"about":[{"href":"https:\/\/labeaubourgeoise.fr\/index.php?rest_route=\/wp\/v2\/types\/page"}],"author":[{"embeddable":true,"href":"https:\/\/labeaubourgeoise.fr\/index.php?rest_route=\/wp\/v2\/users\/1"}],"replies":[{"embeddable":true,"href":"https:\/\/labeaubourgeoise.fr\/index.php?rest_route=%2Fwp%2Fv2%2Fcomments&post=236"}],"version-history":[{"count":7,"href":"https:\/\/labeaubourgeoise.fr\/index.php?rest_route=\/wp\/v2\/pages\/236\/revisions"}],"predecessor-version":[{"id":244,"href":"https:\/\/labeaubourgeoise.fr\/index.php?rest_route=\/wp\/v2\/pages\/236\/revisions\/244"}],"wp:attachment":[{"href":"https:\/\/labeaubourgeoise.fr\/index.php?rest_route=%2Fwp%2Fv2%2Fmedia&parent=236"}],"curies":[{"name":"wp","href":"https:\/\/api.w.org\/{rel}","templated":true}]}}